{"id":754,"date":"2024-10-06T20:43:55","date_gmt":"2024-10-06T18:43:55","guid":{"rendered":"https:\/\/juliettesejourne.com\/?page_id=754"},"modified":"2026-01-31T18:17:10","modified_gmt":"2026-01-31T17:17:10","slug":"ada","status":"publish","type":"page","link":"https:\/\/juliettesejourne.com\/en\/ada\/","title":{"rendered":"Ada, au del\u00e0 de l&rsquo;image"},"content":{"rendered":"<p><em>Spectacle<\/em><\/p>\n\n\n\n<div style=\"height:10px\" aria-hidden=\"true\" class=\"wp-block-spacer\"><\/div>\n\n\n\n<blockquote class=\"wp-block-quote is-layout-flow wp-block-quote-is-layout-flow\">\n<p>Conception, texte, mise en sc\u00e8ne et vid\u00e9o : V\u00e9ronique Caye<\/p>\n\n\n\n<p>Conception scientifique et d\u00e9veloppement scientifique :  Mich\u00e8le Gouiff\u00e8s en collaboration avec Behnoosh Mohammadzadeh <br>Musique et spatialisation sonore : Fr\u00e9d\u00e9ric Mini\u00e8re<\/p>\n\n\n\n<p>Image algorithmique : Yukao Nagemi<br>Espace &amp; costumes : Pascale Stih<br>Lumi\u00e8re : Pauline Guyonnet<br>Collaboration artistique : Xavier Maurel<br>Avec : Pierre Mignard<\/p>\n\n\n\n<p>R\u00e9sidence de cr\u00e9ation Th\u00e9\u00e2tre de l\u2019Aquarium Paris septembre \/ octobre 2025<\/p>\n\n\n\n<p>Premi\u00e8re Th\u00e9\u00e2tre de l\u2019Aquarium octobre 2025<br>Th\u00e9\u00e2tre du Chariot Paris octobre 2025<br>Sc\u00e8ne de Recherche Ecole Normale Sup\u00e9rieure Paris Saclay hiver 2026<\/p>\n\n\n\n<p>Cr\u00e9dit photo V\u00e9ronique Caye<\/p>\n<\/blockquote>\n\n\n\n<div style=\"height:10px\" aria-hidden=\"true\" class=\"wp-block-spacer\"><\/div>\n\n\n\n<p><br><em>Ada, au-del\u00e0 de l\u2019image <\/em>est un spectacle musical pour deux acteur.ice.s et un ch\u0153ur \u00e9lectronique.<\/p>\n\n\n\n<div style=\"height:10px\" aria-hidden=\"true\" class=\"wp-block-spacer\"><\/div>\n\n\n\n<p>Il met en sc\u00e8ne un texte chant\u00e9 (dialogue entre le langage dit \u00ab naturel \u00bb et le langage informatique Python), de la musique (ch\u0153ur chant\u00e9 et augment\u00e9 virtuellement) et de la vid\u00e9o (traitement graphique interactif du code et diffusion en r\u00e9alit\u00e9 augment\u00e9e).<\/p>\n\n\n\n<p>L\u2019op\u00e9ra se propose d\u2019explorer certaines distorsions des intelligences artificielles de reconnaissance faciale.<\/p>\n\n\n\n<div style=\"height:10px\" aria-hidden=\"true\" class=\"wp-block-spacer\"><\/div>","protected":false},"excerpt":{"rendered":"<p>Spectacle Conception, texte, mise en sc\u00e8ne et vid\u00e9o : V\u00e9ronique Caye Conception scientifique et d\u00e9veloppement scientifique : Mich\u00e8le Gouiff\u00e8s en collaboration avec Behnoosh Mohammadzadeh Musique et spatialisation sonore : Fr\u00e9d\u00e9ric Mini\u00e8re Image algorithmique : Yukao NagemiEspace &amp; costumes : Pascale StihLumi\u00e8re : Pauline GuyonnetCollaboration artistique : Xavier MaurelAvec : Pierre Mignard R\u00e9sidence de cr\u00e9ation Th\u00e9\u00e2tre [&hellip;]<\/p>","protected":false},"author":1,"featured_media":991,"parent":0,"menu_order":0,"comment_status":"closed","ping_status":"closed","template":"wp-custom-template-modele-projet","meta":{"_monsterinsights_skip_tracking":false,"_monsterinsights_sitenote_active":false,"_monsterinsights_sitenote_note":"","_monsterinsights_sitenote_category":0,"footnotes":""},"class_list":["post-754","page","type-page","status-publish","has-post-thumbnail","hentry"],"yoast_head":"<!-- This site is optimized with the Yoast SEO plugin v24.8.1 - https:\/\/yoast.com\/wordpress\/plugins\/seo\/ -->\n<title>Ada, au del\u00e0 de l&#039;image - Juliette Sejourn\u00e9<\/title>\n<meta name=\"robots\" content=\"index, follow, max-snippet:-1, max-image-preview:large, max-video-preview:-1\" \/>\n<link rel=\"canonical\" href=\"https:\/\/juliettesejourne.com\/en\/ada\/\" \/>\n<meta property=\"og:locale\" content=\"en_GB\" \/>\n<meta property=\"og:type\" content=\"article\" \/>\n<meta property=\"og:title\" content=\"Ada, au del\u00e0 de l&#039;image - Juliette Sejourn\u00e9\" \/>\n<meta property=\"og:description\" content=\"Spectacle Conception, texte, mise en sc\u00e8ne et vid\u00e9o : V\u00e9ronique Caye Conception scientifique et d\u00e9veloppement scientifique : Mich\u00e8le Gouiff\u00e8s en collaboration avec Behnoosh Mohammadzadeh Musique et spatialisation sonore : Fr\u00e9d\u00e9ric Mini\u00e8re Image algorithmique : Yukao NagemiEspace &amp; costumes : Pascale StihLumi\u00e8re : Pauline GuyonnetCollaboration artistique : Xavier MaurelAvec : Pierre Mignard R\u00e9sidence de cr\u00e9ation Th\u00e9\u00e2tre [&hellip;]\" \/>\n<meta property=\"og:url\" content=\"https:\/\/juliettesejourne.com\/en\/ada\/\" \/>\n<meta property=\"og:site_name\" content=\"Juliette Sejourn\u00e9\" \/>\n<meta property=\"article:modified_time\" content=\"2026-01-31T17:17:10+00:00\" \/>\n<meta property=\"og:image\" content=\"https:\/\/juliettesejourne.com\/wp-content\/uploads\/2026\/01\/Ada_800.jpeg\" \/>\n\t<meta property=\"og:image:width\" content=\"800\" \/>\n\t<meta property=\"og:image:height\" content=\"583\" \/>\n\t<meta property=\"og:image:type\" content=\"image\/jpeg\" \/>\n<meta name=\"twitter:card\" content=\"summary_large_image\" \/>\n<meta name=\"twitter:label1\" content=\"Estimated reading time\" \/>\n\t<meta name=\"twitter:data1\" content=\"1 minute\" \/>\n<script type=\"application\/ld+json\" class=\"yoast-schema-graph\">{\"@context\":\"https:\/\/schema.org\",\"@graph\":[{\"@type\":\"WebPage\",\"@id\":\"https:\/\/juliettesejourne.com\/ada\/\",\"url\":\"https:\/\/juliettesejourne.com\/ada\/\",\"name\":\"Ada, au del\u00e0 de l'image - Juliette Sejourn\u00e9\",\"isPartOf\":{\"@id\":\"https:\/\/juliettesejourne.com\/#website\"},\"primaryImageOfPage\":{\"@id\":\"https:\/\/juliettesejourne.com\/ada\/#primaryimage\"},\"image\":{\"@id\":\"https:\/\/juliettesejourne.com\/ada\/#primaryimage\"},\"thumbnailUrl\":\"https:\/\/juliettesejourne.com\/wp-content\/uploads\/2026\/01\/Ada_800.jpeg\",\"datePublished\":\"2024-10-06T18:43:55+00:00\",\"dateModified\":\"2026-01-31T17:17:10+00:00\",\"breadcrumb\":{\"@id\":\"https:\/\/juliettesejourne.com\/ada\/#breadcrumb\"},\"inLanguage\":\"en-GB\",\"potentialAction\":[{\"@type\":\"ReadAction\",\"target\":[\"https:\/\/juliettesejourne.com\/ada\/\"]}]},{\"@type\":\"ImageObject\",\"inLanguage\":\"en-GB\",\"@id\":\"https:\/\/juliettesejourne.com\/ada\/#primaryimage\",\"url\":\"https:\/\/juliettesejourne.com\/wp-content\/uploads\/2026\/01\/Ada_800.jpeg\",\"contentUrl\":\"https:\/\/juliettesejourne.com\/wp-content\/uploads\/2026\/01\/Ada_800.jpeg\",\"width\":800,\"height\":583},{\"@type\":\"BreadcrumbList\",\"@id\":\"https:\/\/juliettesejourne.com\/ada\/#breadcrumb\",\"itemListElement\":[{\"@type\":\"ListItem\",\"position\":1,\"name\":\"Accueil\",\"item\":\"https:\/\/juliettesejourne.com\/\"},{\"@type\":\"ListItem\",\"position\":2,\"name\":\"Ada, au del\u00e0 de l&rsquo;image\"}]},{\"@type\":\"WebSite\",\"@id\":\"https:\/\/juliettesejourne.com\/#website\",\"url\":\"https:\/\/juliettesejourne.com\/\",\"name\":\"Juliette S\u00e9journ\u00e9\",\"description\":\"Juliette Sejourn\u00e9\",\"potentialAction\":[{\"@type\":\"SearchAction\",\"target\":{\"@type\":\"EntryPoint\",\"urlTemplate\":\"https:\/\/juliettesejourne.com\/?s={search_term_string}\"},\"query-input\":{\"@type\":\"PropertyValueSpecification\",\"valueRequired\":true,\"valueName\":\"search_term_string\"}}],\"inLanguage\":\"en-GB\"}]}<\/script>\n<!-- \/ Yoast SEO plugin. -->","yoast_head_json":{"title":"Ada, au del\u00e0 de l'image - Juliette Sejourn\u00e9","robots":{"index":"index","follow":"follow","max-snippet":"max-snippet:-1","max-image-preview":"max-image-preview:large","max-video-preview":"max-video-preview:-1"},"canonical":"https:\/\/juliettesejourne.com\/en\/ada\/","og_locale":"en_GB","og_type":"article","og_title":"Ada, au del\u00e0 de l'image - Juliette Sejourn\u00e9","og_description":"Spectacle Conception, texte, mise en sc\u00e8ne et vid\u00e9o : V\u00e9ronique Caye Conception scientifique et d\u00e9veloppement scientifique : Mich\u00e8le Gouiff\u00e8s en collaboration avec Behnoosh Mohammadzadeh Musique et spatialisation sonore : Fr\u00e9d\u00e9ric Mini\u00e8re Image algorithmique : Yukao NagemiEspace &amp; costumes : Pascale StihLumi\u00e8re : Pauline GuyonnetCollaboration artistique : Xavier MaurelAvec : Pierre Mignard R\u00e9sidence de cr\u00e9ation Th\u00e9\u00e2tre [&hellip;]","og_url":"https:\/\/juliettesejourne.com\/en\/ada\/","og_site_name":"Juliette Sejourn\u00e9","article_modified_time":"2026-01-31T17:17:10+00:00","og_image":[{"width":800,"height":583,"url":"https:\/\/juliettesejourne.com\/wp-content\/uploads\/2026\/01\/Ada_800.jpeg","type":"image\/jpeg"}],"twitter_card":"summary_large_image","twitter_misc":{"Estimated reading time":"1 minute"},"schema":{"@context":"https:\/\/schema.org","@graph":[{"@type":"WebPage","@id":"https:\/\/juliettesejourne.com\/ada\/","url":"https:\/\/juliettesejourne.com\/ada\/","name":"Ada, au del\u00e0 de l'image - Juliette Sejourn\u00e9","isPartOf":{"@id":"https:\/\/juliettesejourne.com\/#website"},"primaryImageOfPage":{"@id":"https:\/\/juliettesejourne.com\/ada\/#primaryimage"},"image":{"@id":"https:\/\/juliettesejourne.com\/ada\/#primaryimage"},"thumbnailUrl":"https:\/\/juliettesejourne.com\/wp-content\/uploads\/2026\/01\/Ada_800.jpeg","datePublished":"2024-10-06T18:43:55+00:00","dateModified":"2026-01-31T17:17:10+00:00","breadcrumb":{"@id":"https:\/\/juliettesejourne.com\/ada\/#breadcrumb"},"inLanguage":"en-GB","potentialAction":[{"@type":"ReadAction","target":["https:\/\/juliettesejourne.com\/ada\/"]}]},{"@type":"ImageObject","inLanguage":"en-GB","@id":"https:\/\/juliettesejourne.com\/ada\/#primaryimage","url":"https:\/\/juliettesejourne.com\/wp-content\/uploads\/2026\/01\/Ada_800.jpeg","contentUrl":"https:\/\/juliettesejourne.com\/wp-content\/uploads\/2026\/01\/Ada_800.jpeg","width":800,"height":583},{"@type":"BreadcrumbList","@id":"https:\/\/juliettesejourne.com\/ada\/#breadcrumb","itemListElement":[{"@type":"ListItem","position":1,"name":"Accueil","item":"https:\/\/juliettesejourne.com\/"},{"@type":"ListItem","position":2,"name":"Ada, au del\u00e0 de l&rsquo;image"}]},{"@type":"WebSite","@id":"https:\/\/juliettesejourne.com\/#website","url":"https:\/\/juliettesejourne.com\/","name":"Juliette S\u00e9journ\u00e9","description":"Juliette Sejourn\u00e9","potentialAction":[{"@type":"SearchAction","target":{"@type":"EntryPoint","urlTemplate":"https:\/\/juliettesejourne.com\/?s={search_term_string}"},"query-input":{"@type":"PropertyValueSpecification","valueRequired":true,"valueName":"search_term_string"}}],"inLanguage":"en-GB"}]}},"_links":{"self":[{"href":"https:\/\/juliettesejourne.com\/en\/wp-json\/wp\/v2\/pages\/754","targetHints":{"allow":["GET"]}}],"collection":[{"href":"https:\/\/juliettesejourne.com\/en\/wp-json\/wp\/v2\/pages"}],"about":[{"href":"https:\/\/juliettesejourne.com\/en\/wp-json\/wp\/v2\/types\/page"}],"author":[{"embeddable":true,"href":"https:\/\/juliettesejourne.com\/en\/wp-json\/wp\/v2\/users\/1"}],"replies":[{"embeddable":true,"href":"https:\/\/juliettesejourne.com\/en\/wp-json\/wp\/v2\/comments?post=754"}],"version-history":[{"count":6,"href":"https:\/\/juliettesejourne.com\/en\/wp-json\/wp\/v2\/pages\/754\/revisions"}],"predecessor-version":[{"id":994,"href":"https:\/\/juliettesejourne.com\/en\/wp-json\/wp\/v2\/pages\/754\/revisions\/994"}],"wp:featuredmedia":[{"embeddable":true,"href":"https:\/\/juliettesejourne.com\/en\/wp-json\/wp\/v2\/media\/991"}],"wp:attachment":[{"href":"https:\/\/juliettesejourne.com\/en\/wp-json\/wp\/v2\/media?parent=754"}],"curies":[{"name":"wp","href":"https:\/\/api.w.org\/{rel}","templated":true}]}}